{"id":272,"date":"2017-12-20T12:09:45","date_gmt":"2017-12-20T11:09:45","guid":{"rendered":"http:\/\/societe-archeologique-de-montpellier.com\/?page_id=272"},"modified":"2017-12-20T15:32:03","modified_gmt":"2017-12-20T14:32:03","slug":"moi-mecene","status":"publish","type":"page","link":"http:\/\/societe-archeologique-de-montpellier.com\/index.php\/moi-mecene\/","title":{"rendered":"Moi, m\u00e9c\u00e8ne"},"content":{"rendered":"<p><img decoding=\"async\" loading=\"lazy\" class=\"alignnone size-large wp-image-315 aligncenter\" src=\"http:\/\/societe-archeologique-de-montpellier.com\/wp-content\/uploads\/2017\/12\/mecene-2-copie-1024x165.png\" alt=\"\" width=\"810\" height=\"131\" srcset=\"http:\/\/societe-archeologique-de-montpellier.com\/wp-content\/uploads\/2017\/12\/mecene-2-copie-1024x165.png 1024w, http:\/\/societe-archeologique-de-montpellier.com\/wp-content\/uploads\/2017\/12\/mecene-2-copie-300x48.png 300w, http:\/\/societe-archeologique-de-montpellier.com\/wp-content\/uploads\/2017\/12\/mecene-2-copie-768x124.png 768w\" sizes=\"(max-width: 810px) 100vw, 810px\" \/><\/p>\n<p>&nbsp;<\/p>\n<p style=\"text-align: center;\"><span style=\"text-decoration: underline; font-size: 18pt; color: #ffcc00;\"><strong>MOI, m\u00e9c\u00e8ne de la S.A.M.<\/strong><\/span><\/p>\n<p>Savez-vous que dans votre r\u00e9gion, pr\u00e8s de chez vous, il existe <span style=\"color: #ccffcc;\"><strong>une institution culturelle<\/strong>,<\/span><br \/>\n<span style=\"text-decoration: underline; color: #ccffcc;\"> <strong>UNIQUE<\/strong><\/span> dans le sud de la France ?<\/p>\n<p>Savez-vous que cette soci\u00e9t\u00e9 dite \u00ab savante \u00bb <span style=\"color: #ccffcc;\"><strong>a sauv\u00e9<\/strong><\/span>, en pr\u00e8s de <span style=\"color: #ccffcc;\"><strong>deux si\u00e8cles<\/strong><\/span>, des <strong><span style=\"color: #ccffcc;\">pans entiers<\/span><\/strong><br \/>\ndu patrimoine r\u00e9gional et pratiqu\u00e9 <span style=\"color: #ccffcc;\"><strong>le m\u00e9c\u00e9nat<\/strong><\/span>, <span style=\"color: #ccffcc;\"><strong>en pionni\u00e8re<\/strong><\/span>, bien avant qu\u2019il devienne \u00e0 la mode<br \/>\net offre des avantages fiscaux substantiels ?<\/p>\n<p style=\"text-align: left;\">Savez-vous que ladite Soci\u00e9t\u00e9 est propri\u00e9taire de<br \/>\n<span style=\"color: #ccffcc;\"><strong>la premi\u00e8re demeure historique de Montpellier :<\/strong><\/span><\/p>\n<p style=\"text-align: center;\"><span style=\"color: #ffcc00; font-size: 14pt;\"><strong>le Palais Jacques C\u0153ur et des Tr\u00e9soriers de France<\/strong><\/span><br \/>\n<span style=\"color: #ffcc00; font-size: 14pt;\"> <strong>Il\u00f4t<\/strong>, hors du temps, d\u2019humanisme, de s\u00e9r\u00e9nit\u00e9 et de beaut\u00e9<\/span><br \/>\n<span style=\"color: #ffcc00; font-size: 14pt;\"> et d\u2019<strong>inestimables collections<\/strong> qu\u2019elle a acquises et qui y sont expos\u00e9es ?<\/span><\/p>\n<p>Toujours aussi active depuis <span style=\"text-decoration: underline; color: #ccffcc;\"><strong>1833<\/strong><\/span>, date de sa cr\u00e9ation, <span style=\"text-decoration: underline;\"><strong><span style=\"color: #ccffcc; text-decoration: underline;\">la Soci\u00e9t\u00e9 Arch\u00e9ologique<\/span> <\/strong><\/span><br \/>\n<span style=\"text-decoration: underline; color: #ccffcc;\"><strong> de Montpellier<\/strong><\/span> poursuit sans rel\u00e2che, en toute<span style=\"color: #ccffcc;\"> <strong>ind\u00e9pendance<\/strong><\/span> et s\u00e9r\u00e9nit\u00e9, ses objectifs.<\/p>\n<p><span style=\"text-decoration: underline; color: #ccffcc;\"><strong>En 1888<\/strong><\/span>, par d\u00e9cret sp\u00e9cial du pr\u00e9sident de la R\u00e9publique SADI-CARNOT, ses \u0153uvres<br \/>\nont \u00e9t\u00e9 reconnues d\u2019Utilit\u00e9 Publique par l\u2019Etat.<\/p>\n<p>Vous avez aujourd\u2019hui la possibilit\u00e9 de vous associer \u00e0 cette <span style=\"color: #ccffcc;\"><strong>institution prestigieuse<\/strong><\/span><br \/>\nen devenant, \u00e0 votre tour, <span style=\"color: #ccffcc;\"><strong>M\u00c9CENE de son fabuleux patrimoine<\/strong><\/span>.<\/p>\n<p>Quelque soit l\u2019importance de votre don, vous serez trait\u00e9s en <span style=\"color: #ccffcc;\"><strong>h\u00f4tes privil\u00e9gi\u00e9s<\/strong><\/span>, en <span style=\"color: #ccffcc;\"><strong>amis<\/strong><\/span><br \/>\net aurez acc\u00e8s tant au Palais qu\u2019aux avantages et activit\u00e9s promus par la S.A.M.<\/p>\n<p>Outre <span style=\"color: #ccffcc;\"><strong>le plaisir<\/strong><\/span> et <span style=\"color: #ccffcc;\"><strong>la fiert\u00e9<\/strong><\/span> de contribuer aux efforts d\u2019<span style=\"color: #ccffcc;\"><strong>enrichissement<\/strong><\/span> et de <span style=\"color: #ccffcc;\"><strong>restauration<\/strong><\/span><br \/>\nd\u2019un patrimoine r\u00e9gional <span style=\"text-decoration: underline; color: #ccffcc;\"><strong>\u00e0 nul autre pareil<\/strong><\/span>, vous pourrez b\u00e9n\u00e9ficier de <span style=\"color: #ccffcc;\"><strong>d\u00e9ductions fiscales<\/strong><\/span><br \/>\ndes plus <span style=\"color: #ccffcc;\"><strong>avantageuses<\/strong><\/span>.<\/p>\n<p>Le donateur, s\u2019il le d\u00e9sire, <strong>p<span style=\"color: #ccffcc;\">eut associer son nom<\/span><\/strong> \u00e0 une acquisition ou \u00e0 une restauration<br \/>\nd\u2019\u0153uvre d\u2019art ou \u00e0 <span style=\"color: #ccffcc;\"><strong>des travaux<\/strong><\/span> (salons d\u2019apparat), qu\u2019il choisit de <span style=\"color: #ccffcc;\"><strong>parrainer<\/strong>.<\/span><\/p>\n<p>C\u2019est vous qui d\u00e9ciderez de <span style=\"color: #ccffcc;\"><strong>l\u2019affectation de votre don<\/strong><\/span>.<br \/>\nDe plus, vous pourrez venir <span style=\"color: #ccffcc;\"><strong>constater<\/strong><\/span> sur place, ce \u00e0 quoi <span style=\"color: #ccffcc;\"><strong>votre don a servi<\/strong>.<\/span><br \/>\nVous \u00e9prouverez ainsi <span style=\"color: #ccffcc;\"><strong>la satisfaction et le plaisir du m\u00e9c\u00e8ne<\/strong>.<\/span><\/p>\n<p>Quelque soit le montant de votre don, <span style=\"text-decoration: underline; color: #ccffcc;\"><strong>66%<\/strong><\/span> de la somme vers\u00e9e \u00e0 la S.A.M. viendront<br \/>\n<span style=\"text-decoration: underline; color: #ccffcc;\"><strong>en d\u00e9duction<\/strong> <\/span>de votre <span style=\"color: #ccffcc;\"><strong>imp\u00f4t sur le revenu<\/strong><\/span> (dans la limite de 20% du revenu imposable).<\/p>\n<p>Pour un don de\u00a0\u00a0\u00a0\u00a0\u00a0 <span style=\"color: #ccffcc;\"><strong>60,00<\/strong><\/span> \u20acuros vous pourrez d\u00e9duire\u00a0\u00a0 <span style=\"color: #ccffcc;\"><strong>39,60<\/strong><\/span> \u20acuros (soit 20,40 \u20acuros de don r\u00e9el)<\/p>\n<p>Pour un don de\u00a0\u00a0\u00a0 <span style=\"color: #ccffcc;\"><strong>100,00<\/strong><\/span> \u20acuros vous pourrez d\u00e9duire\u00a0\u00a0 <span style=\"color: #ccffcc;\"><strong>66,00<\/strong><\/span> \u20acuros (don effectif de\u00a0\u00a0 34 \u20acuros)<\/p>\n<p>Pour un don de\u00a0\u00a0\u00a0 <span style=\"color: #ccffcc;\"><strong>500,00<\/strong><\/span> \u20acuros vous pourrez d\u00e9duire <span style=\"color: #ccffcc;\"><strong>330,00<\/strong><\/span> \u20acuros (don effectif de 170 \u20acuros)<\/p>\n<p>Pour un don de <span style=\"color: #ccffcc;\"><strong>1 000,00<\/strong><\/span> \u20acuros vous pourrez d\u00e9duire <span style=\"color: #ccffcc;\"><strong>660,00<\/strong><\/span> \u20acuros (don effectif de 340 \u20acuros)<\/p>\n<p>&nbsp;<\/p>\n<p style=\"text-align: center;\"><span style=\"text-decoration: underline; font-size: 18pt; color: #ffcc00;\"><strong>AVANTAGES<\/strong><\/span><\/p>\n<p>&#8211; <span style=\"color: #ccffcc;\"><strong>Gratuit\u00e9<\/strong><\/span> aux cycles de conf\u00e9rences organis\u00e9es par la S.A.M.<br \/>\n&#8211; <span style=\"color: #ccffcc;\"><strong>Visites comment\u00e9es<\/strong><\/span>, en exclusivit\u00e9, du Palais Jacques C\u0153ur et des Tr\u00e9soriers de France<br \/>\n&#8211; <span style=\"color: #ccffcc;\"><strong>Visites th\u00e9matiques<\/strong><\/span> des collections de la S.A.M. r\u00e9serv\u00e9es aux donateurs<\/p>\n<p>Outre les avantages pr\u00e9c\u00e9dents,<br \/>\nPour un don de <span style=\"color: #ccffcc;\"><strong>500,00 \u20acuros et plus<\/strong><\/span> :<\/p>\n<p style=\"padding-left: 30px;\">&#8211; Vous recevrez la lettre annuelle d\u2019INFO de la S.A.M.<br \/>\n&#8211; Une affiliation gratuite \u00e0 l\u2019association des Amis du Mus\u00e9e<\/p>\n<p>Outre les avantages pr\u00e9c\u00e9dents,<br \/>\nPour un don de <span style=\"color: #ccffcc;\"><strong>1 000 \u20acuros et plus<\/strong><\/span> :<\/p>\n<p style=\"padding-left: 30px;\">&#8211; Vous recevrez,<span style=\"color: #ccffcc;\"> <strong>une invitation pour 2 personnes<\/strong><\/span> \u00e0 une r\u00e9ception dans l\u2019une des salles historiques du Palais,<br \/>\n<span style=\"color: #ccffcc;\"><strong>avec pr\u00e9sentation<\/strong><\/span>, en avant premi\u00e8re, des acquisitions et des travaux de l\u2019ann\u00e9e<\/p>\n<p>Outre les avantages pr\u00e9c\u00e9dents,<br \/>\nLes donateurs de <span style=\"color: #ccffcc;\"><strong>10 000 \u20acuros et plus<\/strong><\/span>, participeront \u00e0 la restauration d\u2019un salon d\u2019apparat.<br \/>\nLeur nom sera inscrit \u00e0 jamais dans le lieu restaur\u00e9.<\/p>\n<p>A <span style=\"text-decoration: underline; color: #ccffcc;\"><strong>100 000 \u20acuros et plus<\/strong><\/span>, le nom des <strong>m\u00e9c\u00e8nes<\/strong> sera inscrit sur <span style=\"text-decoration: underline; color: #ccffcc;\"><strong>le tableau<\/strong><\/span> des<br \/>\n<span style=\"color: #ccffcc;\"><strong>PRINCIPAUX DONATEURS de la S.A.M.<\/strong><\/span><\/p>\n<p><span style=\"font-size: 14pt; color: #ffcc00;\">\u2666<\/span><span style=\"color: #ccffcc;\"><strong> \u00c9chelonnement dans le temps possible pour optimisation fiscale<\/strong><\/span><\/p>\n<p style=\"text-align: center;\"><span style=\"color: #ffcc00; font-size: 14pt;\"><strong><span style=\"text-decoration: underline;\">Les entreprises et les soci\u00e9t\u00e9s<\/span> peuvent b\u00e9n\u00e9ficier<\/strong><\/span><br \/>\n<span style=\"color: #ffcc00; font-size: 14pt;\"> <strong> d\u2019importantes r\u00e9ductions de l\u2019imp\u00f4t sur les soci\u00e9t\u00e9s<br \/>\n<\/strong><\/span><\/p>\n<p style=\"text-align: left; padding-left: 60px;\"><strong><span style=\"text-decoration: underline; color: #ccffcc;\">Depuis 1833<\/span>, les publications de la S.A.M., ses conf\u00e9rences, ses registres,<\/strong><br \/>\n<strong>ses comm\u00e9morations, ses tableaux de donateurs t\u00e9moignent du devoir de m\u00e9moire,<\/strong><br \/>\n<strong>qu\u2019au fil des g\u00e9n\u00e9rations, elle voue \u00e0 ses membres et \u00e0 ses donateurs.<\/strong><\/p>\n<p style=\"text-align: left; padding-left: 60px;\"><strong>\u00ab\u00a0<span style=\"color: #ccffcc;\">SEMPER FIDELIS\u00a0<\/span>\u00bb, TOUJOURS FIDELE, la S.A.M. a fait sienne la belle devise<\/strong><br \/>\n<strong> de la famille d\u2019Henri de LUNARET, grand m\u00e9c\u00e8ne de notre institution.<\/strong><br \/>\n<strong> Toujours fid\u00e8le \u00e0 ses missions de sauvegarde du patrimoine et de diffusion du savoir.<\/strong><br \/>\n<strong> Toujours fid\u00e8le \u00e0 ses id\u00e9aux d\u2019humanisme et de philanthropie.<\/strong><br \/>\n<strong> Toujours fid\u00e8le \u00e0 la m\u00e9moire de ses bienfaiteurs.<\/strong><\/p>\n<p><strong>&#8211; <span style=\"text-decoration: underline; font-size: 14pt; color: #ccffcc;\">Faire un don<\/span> \u00e0 la S.A.M., c\u2019est <span style=\"text-decoration: underline; font-size: 14pt; color: #ccffcc;\">inscrire son nom<\/span> dans l\u2019histoire du grand<\/strong><br \/>\n<strong> patrimoine languedocien<\/strong><br \/>\n<strong> &#8211; <span style=\"color: #ccffcc;\"><span style=\"text-decoration: underline; font-size: 14pt;\">Faire un don \u00e0 la S.A.M<\/span>.<\/span>, c\u2019est <span style=\"text-decoration: underline; font-size: 14pt; color: #ccffcc;\">transmettre<\/span> aux g\u00e9n\u00e9rations futures une certaine id\u00e9e<\/strong><br \/>\n<strong> de la France, de notre civilisation, une parcelle de beaut\u00e9 et d\u2019\u00e9ternit\u00e9.<\/strong><\/p>\n<p style=\"text-align: center;\"><span style=\"color: #ffcc00; font-size: 14pt;\"><strong>Depuis 1888, reconnue d\u2019Utilit\u00e9 Publique, la S.A.M. est habilit\u00e9e \u00e0 recevoir<\/strong><\/span><br \/>\n<span style=\"color: #ffcc00; font-size: 14pt;\"> <strong><span style=\"text-decoration: underline;\"> vos legs<\/span>,<span style=\"text-decoration: underline;\"> donations<\/span> et <span style=\"text-decoration: underline;\">assurances-vie<\/span><\/strong><\/span><br \/>\n<span style=\"color: #ffcc00; font-size: 14pt;\"> <strong> de m\u00eame que des <span style=\"text-decoration: underline;\">objets d\u2019art<\/span>, des <span style=\"text-decoration: underline;\">collections<\/span>, des <span style=\"text-decoration: underline;\">livres<\/span>, des <span style=\"text-decoration: underline;\">archives<\/span>.<\/strong><\/span><br \/>\n<span style=\"color: #ffcc00; font-size: 14pt;\"> <strong> Depuis 1833, la S.A.M. qui a recueilli une multitude de dons,<\/strong><\/span><br \/>\n<span style=\"color: #ffcc00; font-size: 14pt;\"> <strong> respecte scrupuleusement <span style=\"text-decoration: underline;\">les volont\u00e9s<\/span> et <span style=\"text-decoration: underline;\">les affectations<\/span> des legs et dons re\u00e7us.<\/strong><\/span><\/p>\n<hr \/>\n<p><strong><a href=\"http:\/\/societe-archeologique-de-montpellier.com\/wp-content\/uploads\/2017\/12\/mecene.pdf\" target=\"_blank\" rel=\"noopener\"><span style=\"color: #ffcc00;\"><em><span style=\"text-decoration: underline;\"><span style=\"color: #ff9900; text-decoration: underline;\">Cliquez pour t\u00e9l\u00e9charger le flyer \u00ab\u00a0Moi, m\u00e9c\u00e8ne de la S.A.M.\u00a0\u00bb au format pdf<\/span><\/span><\/em><\/span><\/a><\/strong><\/p>\n","protected":false},"excerpt":{"rendered":"<p>&nbsp; MOI, m\u00e9c\u00e8ne de la S.A.M. Savez-vous que dans votre r\u00e9gion, pr\u00e8s de chez vous, il existe une institution culturelle, UNIQUE dans le sud de la France ? Savez-vous que cette soci\u00e9t\u00e9 dite \u00ab savante \u00bb a sauv\u00e9, en pr\u00e8s de deux si\u00e8cles, des pans entiers du patrimoine r\u00e9gional et pratiqu\u00e9 le m\u00e9c\u00e9nat, en pionni\u00e8re, [&hellip;]<\/p>\n","protected":false},"author":1,"featured_media":0,"parent":0,"menu_order":0,"comment_status":"closed","ping_status":"closed","template":"","meta":[],"_links":{"self":[{"href":"http:\/\/societe-archeologique-de-montpellier.com\/index.php\/wp-json\/wp\/v2\/pages\/272"}],"collection":[{"href":"http:\/\/societe-archeologique-de-montpellier.com\/index.php\/wp-json\/wp\/v2\/pages"}],"about":[{"href":"http:\/\/societe-archeologique-de-montpellier.com\/index.php\/wp-json\/wp\/v2\/types\/page"}],"author":[{"embeddable":true,"href":"http:\/\/societe-archeologique-de-montpellier.com\/index.php\/wp-json\/wp\/v2\/users\/1"}],"replies":[{"embeddable":true,"href":"http:\/\/societe-archeologique-de-montpellier.com\/index.php\/wp-json\/wp\/v2\/comments?post=272"}],"version-history":[{"count":23,"href":"http:\/\/societe-archeologique-de-montpellier.com\/index.php\/wp-json\/wp\/v2\/pages\/272\/revisions"}],"predecessor-version":[{"id":320,"href":"http:\/\/societe-archeologique-de-montpellier.com\/index.php\/wp-json\/wp\/v2\/pages\/272\/revisions\/320"}],"wp:attachment":[{"href":"http:\/\/societe-archeologique-de-montpellier.com\/index.php\/wp-json\/wp\/v2\/media?parent=272"}],"curies":[{"name":"wp","href":"https:\/\/api.w.org\/{rel}","templated":true}]}}